{"id":9,"date":"2011-08-24T21:27:01","date_gmt":"2011-08-24T21:27:01","guid":{"rendered":"http:\/\/frailescapuchinosrecoletos.org\/web\/?page_id=9"},"modified":"2016-11-19T09:22:05","modified_gmt":"2016-11-19T12:22:05","slug":"quienes-somos","status":"publish","type":"page","link":"https:\/\/frailescapuchinosrecoletos.org\/web\/","title":{"rendered":"Quienes somos"},"content":{"rendered":"<p>&nbsp;<\/p>\n<p style=\"text-align: justify;\"><a href=\"http:\/\/frailescapuchinosrecoletos.org\/web\/wp-content\/uploads\/2011\/08\/Jose-de-Ribera.jpg\" rel=\"lightbox[9]\"><img loading=\"lazy\" class=\"alignleft size-medium wp-image-324\" title=\"Jose de Ribera\" src=\"http:\/\/frailescapuchinosrecoletos.org\/web\/wp-content\/uploads\/2011\/08\/Jose-de-Ribera-221x300.jpg\" alt=\"\" width=\"155\" height=\"210\" srcset=\"https:\/\/frailescapuchinosrecoletos.org\/web\/wp-content\/uploads\/2011\/08\/Jose-de-Ribera-221x300.jpg 221w, https:\/\/frailescapuchinosrecoletos.org\/web\/wp-content\/uploads\/2011\/08\/Jose-de-Ribera-757x1024.jpg 757w, https:\/\/frailescapuchinosrecoletos.org\/web\/wp-content\/uploads\/2011\/08\/Jose-de-Ribera.jpg 911w\" sizes=\"(max-width: 155px) 100vw, 155px\" \/><\/a>Nuestra Fraternidad nace como una b\u00fasqueda de una vuelta a las fuentes dentro del gran ideal que sembrara el Patriarca de As\u00eds San Francisco.<br \/>\nEsto de intentar reajustes o acentuar aspectos, se\u00a0dio ya estando vivo el Ser\u00e1fico Padre Francisco, y a lo largo de la historia, hasta nuestros d\u00edas.<\/p>\n<p style=\"text-align: justify;\">Como respuesta al llamado del Concilio Vaticano II, que invit\u00f3 a los religiosos a una profunda renovaci\u00f3n volviendo a las genuinas fuentes de los fundadores, surge nuestra peque\u00f1a comunidad. Con la ayuda del Se\u00f1or, queremos vivir intensamente el gran llamado a la santidad, por el bautismo y por el don de la vocaci\u00f3n. \u00a0Consagrandonos totalmente a Jesucristo Nuestro Rey y Se\u00f1or, por medio de la profesi\u00f3n de los votos de pobreza, obediencia y castidad, profesando la Regla que dejara San Francisco de As\u00eds y fuera aprobada, por el Papa Honorio en el siglo XIII.<a href=\"http:\/\/frailescapuchinosrecoletos.org\/web\/wp-content\/uploads\/2011\/08\/francisco-I.jpg\" rel=\"lightbox[9]\"><img loading=\"lazy\" class=\"aligncenter size-full wp-image-811\" title=\"\" src=\"http:\/\/frailescapuchinosrecoletos.org\/web\/wp-content\/uploads\/2011\/08\/francisco-I.jpg\" alt=\"\" width=\"300\" height=\"168\" \/><\/a><\/p>\n<p style=\"text-align: justify;\">Creemos que la escuela del Ser\u00e1fico Padre, que tantos santos ha dado a lo largo de la historia, tiene plena vigencia. Hoy urge, en nuestro tiempo desacralizado e impregnado de materialismo, como dijera SS Benedicto XVI al cumplirse 800 a\u00f1os de la aprobaci\u00f3n de la Santa Regla, volver a transitar sus huellas de esperanza, de caridad, oraci\u00f3n y penitencia. Es decir la radicalidad del Santo Evangelio.<\/p>\n<p style=\"text-align: justify;\">En 1996 fuimos aprobados can\u00f3nicamente por el entonces Obispo de la Di\u00f3cesis de Santa Rosa, la Pampa, Mons. Rinaldo Fidel Br\u00e9dice, como Asociaci\u00f3n Publica de fieles cl\u00e9rigos de vida com\u00fan, \u00a0y estamos reconocidos dentro del Registro de Vida Consagrada del Ministerio de Relaciones exteriores y culto, de la Naci\u00f3n Argentina.<\/p>\n<div id=\"attachment_765\" style=\"width: 160px\" class=\"wp-caption alignright\"><a href=\"http:\/\/frailescapuchinosrecoletos.org\/web\/wp-content\/uploads\/2011\/08\/imageskkkkkk7.jpg\" rel=\"lightbox[9]\"><img aria-describedby=\"caption-attachment-765\" loading=\"lazy\" class=\"size-thumbnail wp-image-765\" title=\"\" src=\"http:\/\/frailescapuchinosrecoletos.org\/web\/wp-content\/uploads\/2011\/08\/imageskkkkkk7-150x150.jpg\" alt=\"\" width=\"150\" height=\"150\" \/><\/a><p id=\"caption-attachment-765\" class=\"wp-caption-text\">S.E.R. Mons. Rinaldo Fidel Br\u00e9dice, actualmente obispo em\u00e9rito de Santa Rosa, quien nos recibio y aprob\u00f3 canonicamente.<\/p><\/div>\n<p style=\"text-align: justify;\">\u201cLos miembros de esta fraternidad se proponen ante todo buscar la perfecci\u00f3n de la caridad, es decir tender fervientemente a la santidad de vida para\u00a0la mayor Gloria de Dios, de acuerdo a la espiritualidad franciscano capuchina, acentuando la sublime C\u00e1tedra de Bel\u00e9n, como camino de recolecci\u00f3n\u201d (estatutos art 2).<\/p>\n<div id=\"attachment_922\" style=\"width: 310px\" class=\"wp-caption alignnone\"><a href=\"http:\/\/frailescapuchinosrecoletos.org\/web\/wp-content\/uploads\/2011\/08\/mons.-Raul-Martin.jpg\" rel=\"lightbox[9]\"><img aria-describedby=\"caption-attachment-922\" loading=\"lazy\" class=\"size-full wp-image-922\" src=\"http:\/\/frailescapuchinosrecoletos.org\/web\/wp-content\/uploads\/2011\/08\/mons.-Raul-Martin.jpg\" alt=\"Dependemos en la actualidad de S.E..R Raul Martin nuestro nuevo obispo de Santa Rosa Sucesor del Card. Mario Poli Arzobispo de Bs. As y Primado de la Argentina.\" width=\"300\" height=\"168\" \/><\/a><p id=\"caption-attachment-922\" class=\"wp-caption-text\">Dependemos en la actualidad de S.E..R Raul Martin nuestro nuevo obispo de Santa Rosa Sucesor del Card. Mario Poli Arzobispo de Bs. As y Primado de la Argentina.<\/p><\/div>\n<p style=\"text-align: justify;\">Queremos vivir con amor filial la fidelidad a la C\u00e1tedra de Pedro, nota esencial en el franciscanismo.<br \/>\nLa vida conventual, la celebraci\u00f3n en com\u00fan del Oficio Divino, la adoraci\u00f3n a Jes\u00fas Sacramentado reparando los ultrajes e indiferencias que recibe en este Sant\u00edsimo. Sacramento, la Santa Misa, sacrificio de Infinito Amor, como \u201cfuente y cumbre de toda la vida de la Iglesia\u00bb.<\/p>\n<p style=\"text-align: justify;\"><span style=\"font-size: large;\"><strong> Es\u00a0<span style=\"line-height: 39px;\">caracter\u00edstica<\/span>\u00a0propia de Nuestra\u00a0Fraternidad: El ofrecerse a Jesucristo N. Se\u00f1or acompa\u00f1ando con la oraci\u00f3n y vida, el ministerio del Papa, los obispos y presb\u00edteros, am\u00e1ndolos y honr\u00e1ndolos <\/strong><\/span>(Testamento de Nuestro Padre Francisco).<\/p>\n<p style=\"text-align: justify;\">Profesa la Fraternidad una profunda devoci\u00f3n a la Inmaculada Virgen Mar\u00eda, causa de<a href=\"http:\/\/frailescapuchinosrecoletos.org\/web\/wp-content\/uploads\/2011\/08\/SAM_0087.jpg\" rel=\"lightbox[9]\"><img loading=\"lazy\" class=\"alignright size-medium wp-image-326\" title=\"SAM_0087\" src=\"http:\/\/frailescapuchinosrecoletos.org\/web\/wp-content\/uploads\/2011\/08\/SAM_0087-300x225.jpg\" alt=\"\" width=\"210\" height=\"158\" srcset=\"https:\/\/frailescapuchinosrecoletos.org\/web\/wp-content\/uploads\/2011\/08\/SAM_0087-300x225.jpg 300w, https:\/\/frailescapuchinosrecoletos.org\/web\/wp-content\/uploads\/2011\/08\/SAM_0087-400x300.jpg 400w, https:\/\/frailescapuchinosrecoletos.org\/web\/wp-content\/uploads\/2011\/08\/SAM_0087.jpg 800w\" sizes=\"(max-width: 210px) 100vw, 210px\" \/><\/a> nuestra alegr\u00eda, a Nuestra Se\u00f1ora esta consagrada de modo especial la comunidad y cada uno de los frailes. Tenemos como Patrono a San Jos\u00e9 y consideramos como Padre y Maestro a San Francisco de As\u00eds, venera de modo particular al Arc\u00e1ngel San Miguel, San Pedro de Alc\u00e1ntara, San P\u00edo de Pietrelcina y a todos los santos de la familia franciscana.<\/p>\n<p style=\"text-align: center;\">Profesamos la Regla de San Francisco, por eso lo veneramos como Fundador y Padre de toda la gran Familia franciscana, de la cual es parte nuestra peque\u00f1a Fraternidad.<br \/>\nEn la actualidad somos cerca de 20 frailes (sacerdotes y hermanos) en 3 conventos.<a href=\"http:\/\/frailescapuchinosrecoletos.org\/web\/wp-content\/uploads\/2011\/09\/P-Pio.jpg\" rel=\"lightbox[9]\"><img loading=\"lazy\" class=\"wp-image-894 aligncenter\" src=\"http:\/\/frailescapuchinosrecoletos.org\/web\/wp-content\/uploads\/2011\/09\/P-Pio.jpg\" alt=\"\" width=\"152\" height=\"216\" srcset=\"https:\/\/frailescapuchinosrecoletos.org\/web\/wp-content\/uploads\/2011\/09\/P-Pio.jpg 317w, https:\/\/frailescapuchinosrecoletos.org\/web\/wp-content\/uploads\/2011\/09\/P-Pio-211x300.jpg 211w\" sizes=\"(max-width: 152px) 100vw, 152px\" \/><\/a><\/p>\n<p style=\"text-align: justify;\">La oraci\u00f3n y penitencia, el esp\u00edritu de reparaci\u00f3n , la alegr\u00eda de la radicalidad del Sto. Evangelio, el decoro y fidelidad a las normas de la Iglesia en la celebraciones lit\u00fargicas, la caridad fraterna, el silencio ,son caracter\u00edstica que queremos vivir.<a href=\"http:\/\/frailescapuchinosrecoletos.org\/web\/wp-content\/uploads\/2011\/08\/DSC0023.jpg\" rel=\"lightbox[9]\"><img loading=\"lazy\" class=\"alignright size-medium wp-image-327\" title=\"_DSC0023\" src=\"http:\/\/frailescapuchinosrecoletos.org\/web\/wp-content\/uploads\/2011\/08\/DSC0023-300x199.jpg\" alt=\"\" width=\"210\" height=\"139\" srcset=\"https:\/\/frailescapuchinosrecoletos.org\/web\/wp-content\/uploads\/2011\/08\/DSC0023-300x199.jpg 300w, https:\/\/frailescapuchinosrecoletos.org\/web\/wp-content\/uploads\/2011\/08\/DSC0023-1024x680.jpg 1024w, https:\/\/frailescapuchinosrecoletos.org\/web\/wp-content\/uploads\/2011\/08\/DSC0023-451x300.jpg 451w, https:\/\/frailescapuchinosrecoletos.org\/web\/wp-content\/uploads\/2011\/08\/DSC0023.jpg 1072w\" sizes=\"(max-width: 210px) 100vw, 210px\" \/><\/a><br \/>\nIntentamos, con la gracia de Dios acentuar m\u00e1s el aspecto conventual y contemplativo.\u00a0Usamos el santo habito, como signo de nuestra consagraci\u00f3n, pobreza y ruptura con el esp\u00edritu del mundo (ense\u00f1anza muy clara en San Francisco).<\/p>\n<p style=\"text-align: center;\"><span style=\"font-size: x-large;\"><strong><span style=\"color: #533512;\">LA REGLA FRANCISCANA<\/span><\/strong><\/span><\/p>\n<address style=\"text-align: justify;\"><span style=\"font-size: small;\"><strong>CAP\u00cdTULO I<\/strong><\/span><\/address>\n<address style=\"text-align: justify;\"><span style=\"font-size: small;\"><strong>EN EL NOMBRE DEL SE\u00d1OR COMIENZA LA VIDA DE LOS FRAILES MENORES<\/strong><\/span><\/address>\n<address style=\"text-align: justify;\"><span style=\"font-size: small;\">La regla y vida de los Hermanos Menores es \u00e9sta, conviene a saber, guardar el santo Evangelio de nuestro Se\u00f1or Jesucristo, viviendo en obediencia, sin propio y en castidad. FRAY FRANCISCO promete obediencia y reverencia al se\u00f1or Papa Honorio y a sus sucesores can\u00f3nicamente elegidos y a la Iglesia Romana. Y los otros frailes est\u00e9n obligados a obedecer a FRAY FRANCISCO y a sus sucesores.<\/span><\/address>\n<address style=\"text-align: justify;\"><span style=\"font-size: small;\"><strong>CAP\u00cdTULO II<\/strong><\/span><\/address>\n<address style=\"text-align: justify;\"><span style=\"font-size: small;\"><strong>DE AQUELLOS QUE QUIEREN TOMAR ESTA VIDA Y DE QU\u00c9 MODO DEBEN SER RECIBIDOS<\/strong><\/span><\/address>\n<address style=\"text-align: justify;\"><span style=\"font-size: small;\">Si algunos quisieran tomar esta vida y vinieren a nuestros frailes, env\u00edenlos a los Ministros provinciales, a los cuales y no a otros, sea concedida la licencia para recibir frailes. Mas los ministros exam\u00ednenlos con diligencia acerca de la fe cat\u00f3lica y de los sacramentos de la Iglesia. Y si todas estas cosas creyeren, y las quisieren fielmente confesar y firmemente guardar hasta el fin, y no tienen mujeres, o si las tienen ya entraron ellas en monasterio, o les dieron licencia con autoridad del obispo diocesano, hecho ya voto de continencia, y siendo las mujeres de tal edad que de ellas no pueda nacer sospecha, d\u00edgan a ellos la palabra del Santo Evangelio: <em>que vayan y vendan todas sus cosas, y procuren darlas a los pobres<\/em> (Mt 19,21). Lo cual, si no pudieren hacer, bastales la buena voluntad. Y gu\u00e1rdense los frailes y sus Ministros de ser sol\u00edcitos de sus bienes temporales, para que libremente hagan de sus cosas lo que el Se\u00f1or les inspirare.<\/span><\/address>\n<address style=\"text-align: justify;\"><span style=\"font-size: small;\">Mas si pidieren consejo, pueden los Ministros enviarlos a algunos que teman a Dios, con consejo de los cuales sus bienes sean dados a los pobres. Despu\u00e9s conc\u00e9danles los pa\u00f1os de la probaci\u00f3n, conviene a saber: dos t\u00fanicas sin capucha, cuerda y pa\u00f1os menores y capar\u00f3n hasta la cintura, salvo si a los mismos Ministros pareciere otra cosa, seg\u00fan Dios.<\/span><\/address>\n<address style=\"text-align: justify;\"><span style=\"font-size: small;\">Y acabado el a\u00f1o de la probaci\u00f3n, sean recibidos a la obediencia, prometiendo guardar siempre esta vida y regla. Y en ninguna manera les ser\u00e1 l\u00edcito salir de esta Religi\u00f3n, seg\u00fan el mandamiento del se\u00f1or Papa; porque, seg\u00fan el Santo Evangelio, niinguno que pone mano al arado y mira atr\u00e1s es apto para el reino de Dios (Lc 9,62).<\/span><\/address>\n<address style=\"text-align: justify;\"><span style=\"font-size: small;\">Y aquellos que ya prometieron obediencia tengan una t\u00fanica con capucha y otra sin capucha los que la quisieren tener. Y los que por necesidad son constre\u00f1idos, puedan traer calzado. Y todos los frailes se vistan de vestiduras viles y puedan remendarlas de sayal y otros retazos con la bendici\u00f3n de Dios. A los cuales amonesto y exhorto que no desprecien ni juzguen a los hombres que vieren vestidos de ropas blandas y de color, usar manjares y bebidas delicadas, sino m\u00e1s bien cada uno se juzgue y menosprecie a s\u00ed mismo.<\/span><\/address>\n<address style=\"text-align: justify;\"><span style=\"font-size: small;\"><strong>CAP\u00cdTULO III<\/strong><\/span><\/address>\n<address style=\"text-align: justify;\"><span style=\"font-size: small;\"><strong>DEL OFICIO DIVINO Y AYUNO Y DEL MODO CON QUE LOS FRAILES DEBEN IR POR EL MUNDO<\/strong><\/span><\/address>\n<address style=\"text-align: justify;\"><span style=\"font-size: small;\">Los cl\u00e9rigos recen el Oficio divino seg\u00fan el orden de la Santa Iglesia Romana, excepto el salterio, por lo que podr\u00e1n tener breviarios. Mas los legos dir\u00e1n veinticuatro Padre nuestros por maitines; por laudes, cinco; por prima, tercia, sexta y nona, por cada una de ellas, siete; por v\u00edsperas, doce; por completas, siete; y oren por los difuntos.<\/span><\/address>\n<address style=\"text-align: justify;\"><span style=\"font-size: small;\">Y ayunen desde la fiesta de Todos los Santos hasta la Natividad del Se\u00f1or. Mas la santa cuaresma, que comienza desde la Epifan\u00eda hasta cuarenta d\u00edas continuos, la cual consagr\u00f3 el Se\u00f1or con su santo ayuno (Mt 4,2), los que de voluntad la ayunaren, benditos sean del Se\u00f1or, y los que no quisieren, no sean constre\u00f1idos; mas la otra, hasta la Resurrecci\u00f3n del Se\u00f1or, ayunen. Pero en otros tiempos no tengan obligaci\u00f3n de ayunar sino el viernes. Y en tiempo de manifiesta necesidad no est\u00e9n obligados los frailes al ayuno corporal.<\/span><\/address>\n<address style=\"text-align: justify;\"><span style=\"font-size: small;\">Aconsejo tambi\u00e9n, amonesto y exhorto a mis frailes en el Se\u00f1or Jesucristo, que, cuando van por el mundo, no litiguen ni contiendan con palabras (2 Tim 11,4; Tit 3,2), ni juzguen a otros; mas sean benignos, pac\u00edficos y moderados, mansos y humildes, y hablen honestamente a todos, seg\u00fan conviene. Y no deben ir a caballo, si, por manifiesta necesidad o enfermedad, no se viesen forzados. Y en cualquier casa que entraren, primeramente digan: <em>Paz sea en esta casa.<\/em> Y, seg\u00fan el santo Evangelio, les sea l\u00edcito comer de todos los manjares que les pusieren delante (Lc 10,5-8).<\/span><\/address>\n<address style=\"text-align: justify;\"><span style=\"font-size: small;\"><strong>CAP\u00cdTULO IV<\/strong><\/span><\/address>\n<address style=\"text-align: justify;\"><span style=\"font-size: small;\"><strong>QUE LOS FRAILES NO RECIBAN DINERO NI PECUNIA<\/strong><\/span><\/address>\n<address style=\"text-align: justify;\"><span style=\"font-size: small;\">Mando firmemente a todos los frailes que en ninguna manera reciban dinero o pecunia, por s\u00ed ni por interpuesta persona. Sin embargo, para las necesidades de los enfermos y para vestir a los otros frailes, los Ministros solamente y los Custodios, por medio de amigos espirituales, tengan sol\u00edcito cuidado, seg\u00fan los lugares y tiempos y fr\u00edas tierras, as\u00ed como a la necesidad vieren que conviene; aquello siempre salvo, que (como dicho es) no reciban dinero o pecunia.<\/span><\/address>\n<address style=\"text-align: justify;\"><span style=\"font-size: small;\"><strong>CAP\u00cdTULO V<\/strong><\/span><\/address>\n<address style=\"text-align: justify;\"><span style=\"font-size: small;\"><strong>DE LA MANERA DE TRABAJAR<\/strong><\/span><\/address>\n<address style=\"text-align: justify;\"><span style=\"font-size: small;\">Los frailes a los cuales el Se\u00f1or dio gracia de trabajar, trabajen fiel y devotamente, de manera que, desechada la ociosidad, que es enemiga del alma, no apaguen el esp\u00edritu de la santa oraci\u00f3n y devoci\u00f3n, al cual todas las otras cosas temporales deben servir. Y del precio de su trabajo reciban las cosas necesarias al cuerpo para s\u00ed y sus hermanos, salvo dinero o pecunia. Y esto humildemente, como conviene a siervos de Dios y seguidores de la sant\u00edsima pobreza.<\/span><\/address>\n<address style=\"text-align: justify;\"><span style=\"font-size: small;\"><strong>CAP\u00cdTULO VI<\/strong><\/span><\/address>\n<address style=\"text-align: justify;\"><span style=\"font-size: small;\"><strong>QUE LOS FRAILES NO SE APROPIEN ALGUNA COSA, Y DEL PEDIR LIMOSNA, Y DE LOS FRAILES ENFERMOS<\/strong><\/span><\/address>\n<address style=\"text-align: justify;\"><span style=\"font-size: small;\">Nada se apropien los frailes, ni casa, ni lugar, ni alguna otra cosa. Y como <em>peregrinos y advenedizos<\/em> (1 Pe 2,11) en este mundo, sirviendo al Se\u00f1or en pobreza y humildad, vayan por limosna con confianza. Ni deben avergonzarse, pues el Se\u00f1or se hizo pobre por nosotros en este mundo. Esta es aquella eminencia de la alt\u00edsima pobreza, que a vosotros, car\u00edsimos hermanos m\u00edos, instituy\u00f3 herederos y reyes del reino de los cielos, os hizo pobres de las cosas temporales y os sublim\u00f3 en virtudes. Esta sea vuestra herencia, la cual lleva a la tierra de los vivientes (Sal 141,6). A la cual, amad\u00edsimos hermanos, adhiri\u00e9ndoos totalmente, por el nombre de nuestro Se\u00f1or Jesucristo, ninguna otra cosa debajo del cielo quer\u00e1is tener jam\u00e1s.<\/span><\/address>\n<address style=\"text-align: justify;\"><span style=\"font-size: small;\">Y dondequiera que est\u00e9n y se hallaren los frailes, mu\u00e9strense familiares entre s\u00ed, y tranquilamente manifieste uno a otro su necesidad; porque si la madre ama y cuida a su hijo carnal, \u00bfcu\u00e1nto con mayor diligencia debe cada uno amar y cuidar a su hermano espiritual? Y si alguno de ellos cayere enfermo, los otros frailes le deben servir como querr\u00edan ellos mismos ser servidos.<\/span><\/address>\n<address style=\"text-align: justify;\"><span style=\"font-size: small;\"><strong>CAP\u00cdTULO VII<\/strong><\/span><\/address>\n<address style=\"text-align: justify;\"><span style=\"font-size: small;\"><strong>DE LA PENITENCIA QUE SE HA DE IMPONER A LOS FRAILES QUE PECAN<\/strong><\/span><\/address>\n<address style=\"text-align: justify;\"><span style=\"font-size: small;\">Si algunos de los frailes, por instigaci\u00f3n del enemigo, pecaran mortalmente, para aquellos pecados acerca de los cuales estuviera ordenado entre los frailes que se recurra a solos los ministros provinciales, est\u00e9n obligados dichos frailes a recurrir a ellos cuanto antes puedan, sin tardanza. Y los ministros mismos, si son presb\u00edteros, con misericordia imp\u00f3nganles penitencia; y si no son presb\u00edteros, hagan que se les imponga por otros sacerdotes de la orden, como mejor les parezca que conviene seg\u00fan Dios. Y deben guardarse de airarse y conturbarse por el pecado de alguno, porque la ira y la conturbaci\u00f3n impiden en s\u00ed mismos y en los otros la caridad.<\/span><\/address>\n<address style=\"text-align: justify;\"><span style=\"font-size: small;\"><strong>CAP\u00cdTULO VIII<\/strong><\/span><\/address>\n<address style=\"text-align: justify;\"><span style=\"font-size: small;\"><strong>DE LA ELECCI\u00d3N DEL MINISTRO GENERAL DE ESTA FRATERNIDAD Y DEL CAP\u00cdTULO DE PENTECOST\u00c9S<\/strong><\/span><\/address>\n<address style=\"text-align: justify;\"><span style=\"font-size: small;\">Todos los frailes est\u00e9n obligados a tener siempre por ministro general y siervo de toda la fraternidad a uno de los frailes de esta religi\u00f3n, y est\u00e9n firmemente obligados a obedecerle. En falleciendo el cual, h\u00e1gase la elecci\u00f3n del sucesor por los ministros provinciales y custodios en el cap\u00edtulo de Pentecost\u00e9s, al que los ministros provinciales est\u00e9n siempre obligados a concurrir juntamente, dondequiera que fuese establecido por el ministro general; y esto una vez cada tres a\u00f1os o en otro plazo mayor o menor, seg\u00fan fuere ordenado por dicho ministro. Y si en alg\u00fan tiempo apareciera a la generalidad de los ministros provinciales y custodios que el dicho ministro no es suficiente para el servicio y utilidad com\u00fan de los frailes, est\u00e9n obligados los dichos frailes, a quienes est\u00e1 confiada la elecci\u00f3n, a elegirse en el nombre del Se\u00f1or otro para custodio. Y despu\u00e9s del cap\u00edtulo de Pentecost\u00e9s, que los ministros y custodios puedan, cada uno, si quisieran y les pareciera que conviene, convocar a sus frailes a cap\u00edtulo una vez ese mismo a\u00f1o en sus custodias.<\/span><\/address>\n<address style=\"text-align: justify;\"><span style=\"font-size: small;\"><strong>CAP\u00cdTULO IX<\/strong><\/span><\/address>\n<address style=\"text-align: justify;\"><span style=\"font-size: small;\"><strong>DE LOS PREDICADORES<\/strong><\/span><\/address>\n<address style=\"text-align: justify;\"><span style=\"font-size: small;\">Los frailes no prediquen en la di\u00f3cesis de un obispo, cuando \u00e9ste se lo haya denegado. Y ninguno de los frailes se atreva en absoluto a predicar al pueblo, a no ser que haya sido examinado y aprobado por el ministro general de esta fraternidad, y por \u00e9l le haya sido concedido el oficio de la predicaci\u00f3n. Amonesto tambi\u00e9n y exhorto a los mismos frailes a que, en la predicaci\u00f3n que hacen, su lenguaje sea ponderado y sincero (cf. Sal 11,7; 17,31), para provecho y edificaci\u00f3n del pueblo, anunci\u00e1ndoles los vicios y las virtudes, la pena y la gloria con brevedad de serm\u00f3n; porque palabra abreviada hizo el Se\u00f1or sobre la tierra (cf. Rom 9,28).<\/span><\/address>\n<address style=\"text-align: justify;\"><span style=\"font-size: small;\"><strong>CAP\u00cdTULO X<\/strong><\/span><\/address>\n<address style=\"text-align: justify;\"><span style=\"font-size: small;\"><strong>DE LA AMONESTACI\u00d3N Y CORRECCI\u00d3N DE LOS FRAILES<\/strong><\/span><\/address>\n<address style=\"text-align: justify;\"><span style=\"font-size: small;\">Los frailes que son ministros y siervos de los otros frailes, visiten y amonesten a sus frailes, y corr\u00edjanlos humilde y caritativamente, no mand\u00e1ndoles nada que sea contrario a su alma y a nuestra Regla. Mas los frailes que son s\u00fabditos recuerden que, por Dios, negaron sus propias voluntades. Por lo que firmemente les mando que obedezcan a sus ministros en todo lo que al Se\u00f1or prometieron guardar y no es contrario al alma y a nuestra Regla. Y dondequiera haya frailes que sepan y conozcan que no pueden guardar espiritualmente la Regla, a sus ministros puedan y deban recurrir. Y los ministros rec\u00edbanlos caritativa y benignamente, y tengan tanta familiaridad para con ellos, que los frailes puedan hablar y obrar con ellos como los se\u00f1ores con sus siervos; pues as\u00ed debe ser, que los ministros sean siervos de todos los frailes. Amonesto de veras y exhorto en el Se\u00f1or Jesucristo que se guarden los frailes de toda soberbia, vanagloria, envidia, avaricia (cf. Lc 12,15), cuidado y solicitud de este siglo (cf. Mt 13,22), detracci\u00f3n y murmuraci\u00f3n, y los que no saben letras, no se cuiden de aprenderlas; sino que atiendan a que sobre todas las cosas deben desear tener el Esp\u00edritu del Se\u00f1or y su santa operaci\u00f3n, orar siempre a \u00e9l con puro coraz\u00f3n y tener humildad, paciencia en la persecuci\u00f3n y en la enfermedad, y amar a esos que nos persiguen, nos reprenden y nos acusan, porque dice el Se\u00f1or: Amad a vuestros enemigos y orad por los que os persiguen y os calumnian (cf. Mt 5,44). Bienaventurados los que padecen persecuci\u00f3n por la justicia, porque de ellos es el reino de los cielos (Mt 5,10). Mas el que persevere hasta el fin, \u00e9ste ser\u00e1 salvo (Mt 10,22).<\/span><\/address>\n<address style=\"text-align: justify;\"><span style=\"font-size: small;\"><strong>CAP\u00cdTULO XI<\/strong><\/span><\/address>\n<address style=\"text-align: justify;\"><span style=\"font-size: small;\"><strong>QUE LOS FRAILES NO ENTREN EN LOS MONASTERIOS DE MONJAS<\/strong><\/span><\/address>\n<address style=\"text-align: justify;\"><span style=\"font-size: small;\">Mando firmemente a todos los frailes que no tengan sospechosas relaciones o consejos con mujeres, y que no entren en los monasterios de monjas, fuera de aquellos a quienes les ha sido concedida una licencia especial por la Sede Apost\u00f3lica; y no se hagan padrinos de hombres o mujeres, para que, con esta ocasi\u00f3n, no se origine esc\u00e1ndalo entre los frailes o respecto a los frailes.<\/span><\/address>\n<address style=\"text-align: justify;\"><span style=\"font-size: small;\"><strong>CAP\u00cdTULO XII<\/strong><\/span><\/address>\n<address style=\"text-align: justify;\"><span style=\"font-size: small;\"><strong>DE LOS QUE VAN ENTRE SARRACENOS Y OTROS INFIELES<\/strong><\/span><\/address>\n<address style=\"text-align: justify;\"><span style=\"font-size: small;\">Cualesquiera frailes que, por divina inspiraci\u00f3n, quieran ir entre los sarracenos y otros infieles, pidan la correspondiente licencia de sus ministros provinciales. Pero los ministros a ninguno le concedan la licencia de ir, sino a aquellos que vean que son id\u00f3neos para enviar. Con miras a todo lo dicho, impongo por obediencia a los ministros que pidan del se\u00f1or Papa uno de los cardenales de la santa Iglesia Romana, que sea gobernador, protector y corrector de esta fraternidad, para que, siempre s\u00fabditos y sujetos a los pies de la misma santa Iglesia, estables en la fe cat\u00f3lica (cf. Col 1,23), guardemos la pobreza y humildad y el santo Evangelio de nuestro Se\u00f1or Jesucristo, que firmemente hemos prometido.<\/span><\/address>\n","protected":false},"excerpt":{"rendered":"<p>&nbsp; Nuestra Fraternidad nace como una b\u00fasqueda de una vuelta a las fuentes dentro del gran ideal que sembrara el Patriarca de As\u00eds San Francisco. Esto de intentar reajustes o acentuar aspectos, se\u00a0dio ya estando vivo el Ser\u00e1fico Padre Francisco, y a lo largo de la historia, hasta nuestros d\u00edas.&hellip; <\/p>\n","protected":false},"author":1,"featured_media":0,"parent":0,"menu_order":0,"comment_status":"closed","ping_status":"closed","template":"","meta":{"ngg_post_thumbnail":0},"_links":{"self":[{"href":"https:\/\/frailescapuchinosrecoletos.org\/web\/index.php?rest_route=\/wp\/v2\/pages\/9"}],"collection":[{"href":"https:\/\/frailescapuchinosrecoletos.org\/web\/index.php?rest_route=\/wp\/v2\/pages"}],"about":[{"href":"https:\/\/frailescapuchinosrecoletos.org\/web\/index.php?rest_route=\/wp\/v2\/types\/page"}],"author":[{"embeddable":true,"href":"https:\/\/frailescapuchinosrecoletos.org\/web\/index.php?rest_route=\/wp\/v2\/users\/1"}],"replies":[{"embeddable":true,"href":"https:\/\/frailescapuchinosrecoletos.org\/web\/index.php?rest_route=%2Fwp%2Fv2%2Fcomments&post=9"}],"version-history":[{"count":29,"href":"https:\/\/frailescapuchinosrecoletos.org\/web\/index.php?rest_route=\/wp\/v2\/pages\/9\/revisions"}],"predecessor-version":[{"id":35,"href":"https:\/\/frailescapuchinosrecoletos.org\/web\/index.php?rest_route=\/wp\/v2\/pages\/9\/revisions\/35"}],"wp:attachment":[{"href":"https:\/\/frailescapuchinosrecoletos.org\/web\/index.php?rest_route=%2Fwp%2Fv2%2Fmedia&parent=9"}],"curies":[{"name":"wp","href":"https:\/\/api.w.org\/{rel}","templated":true}]}}